{"version":"1.0","provider_name":"Colegio San Luis Rey","provider_url":"https:\/\/www.sanluisrey.edu.co\/new","title":"D\u00eda de San Luis Rey - Colegio San Luis Rey","type":"rich","width":600,"height":338,"html":"<blockquote class=\"wp-embedded-content\" data-secret=\"9uXGPU5cR0\"><a href=\"https:\/\/www.sanluisrey.edu.co\/new\/dia-de-san-luis-rey\/\">D\u00eda de San Luis Rey<\/a><\/blockquote><iframe sandbox=\"allow-scripts\" security=\"restricted\" src=\"https:\/\/www.sanluisrey.edu.co\/new\/dia-de-san-luis-rey\/embed\/#?secret=9uXGPU5cR0\" width=\"600\" height=\"338\" title=\"\u00abD\u00eda de San Luis Rey\u00bb \u2014 Colegio San Luis Rey\" data-secret=\"9uXGPU5cR0\" frameborder=\"0\" marginwidth=\"0\" marginheight=\"0\" scrolling=\"no\" class=\"wp-embedded-content\"><\/iframe><script type=\"text\/javascript\">\n\/* <![CDATA[ *\/\n\/*! This file is auto-generated *\/\n!function(d,l){\"use strict\";l.querySelector&&d.addEventListener&&\"undefined\"!=typeof URL&&(d.wp=d.wp||{},d.wp.receiveEmbedMessage||(d.wp.receiveEmbedMessage=function(e){var t=e.data;if((t||t.secret||t.message||t.value)&&!\/[^a-zA-Z0-9]\/.test(t.secret)){for(var s,r,n,a=l.querySelectorAll('iframe[data-secret=\"'+t.secret+'\"]'),o=l.querySelectorAll('blockquote[data-secret=\"'+t.secret+'\"]'),c=new RegExp(\"^https?:$\",\"i\"),i=0;i<o.length;i++)o[i].style.display=\"none\";for(i=0;i<a.length;i++)s=a[i],e.source===s.contentWindow&&(s.removeAttribute(\"style\"),\"height\"===t.message?(1e3<(r=parseInt(t.value,10))?r=1e3:~~r<200&&(r=200),s.height=r):\"link\"===t.message&&(r=new URL(s.getAttribute(\"src\")),n=new URL(t.value),c.test(n.protocol))&&n.host===r.host&&l.activeElement===s&&(d.top.location.href=t.value))}},d.addEventListener(\"message\",d.wp.receiveEmbedMessage,!1),l.addEventListener(\"DOMContentLoaded\",function(){for(var e,t,s=l.querySelectorAll(\"iframe.wp-embedded-content\"),r=0;r<s.length;r++)(t=(e=s[r]).getAttribute(\"data-secret\"))||(t=Math.random().toString(36).substring(2,12),e.src+=\"#?secret=\"+t,e.setAttribute(\"data-secret\",t)),e.contentWindow.postMessage({message:\"ready\",secret:t},\"*\")},!1)))}(window,document);\n\/* ]]> *\/\n<\/script>\n","description":"D\u00eda de San Luis Rey El 25 de agosto, se celebr\u00f3 el d\u00eda de nuestro patrono San Luis Rey. Toda la comunidad Sanluisista particip\u00f3 de una solemne Eucarist\u00eda, presidida por Fray Hern\u00e1n El\u00edas Pe\u00f1a Q, nuestro Rector y Fray Germ\u00e1n Arbel\u00e1ez Ospina, Director de Pastoral, concelebraron los frailes de la [&hellip;]","thumbnail_url":"http:\/\/www.visualbit.co\/sanluis\/wp-content\/uploads\/2020\/04\/FiestaPatronal-9.jpg"}