{"id":54,"date":"2019-12-24T09:43:50","date_gmt":"2019-12-24T14:43:50","guid":{"rendered":"http:\/\/www.visualbit.co\/sanluis\/?page_id=54"},"modified":"2025-01-23T13:57:02","modified_gmt":"2025-01-23T18:57:02","slug":"quienes-somos","status":"publish","type":"page","link":"https:\/\/www.sanluisrey.edu.co\/new\/quienes-somos\/","title":{"rendered":"Qui\u00e9nes Somos"},"content":{"rendered":"\t\t<div data-elementor-type=\"wp-page\" data-elementor-id=\"54\" class=\"elementor elementor-54\">\n\t\t\t\t\t\t<section class=\"elementor-section elementor-top-section elementor-element elementor-element-af89208 elementor-section-boxed elementor-section-height-default elementor-section-height-default\" data-id=\"af89208\" data-element_type=\"section\" data-e-type=\"section\" data-settings=\"{&quot;shape_divider_bottom&quot;:&quot;wave-brush&quot;}\">\n\t\t\t\t\t\t\t<div class=\"elementor-background-overlay\"><\/div>\n\t\t\t\t\t\t<div class=\"elementor-shape elementor-shape-bottom\" aria-hidden=\"true\" data-negative=\"false\">\n\t\t\t<svg xmlns=\"http:\/\/www.w3.org\/2000\/svg\" viewBox=\"0 0 283.5 27.8\" preserveAspectRatio=\"none\">\n\t<path class=\"elementor-shape-fill\" d=\"M283.5,9.7c0,0-7.3,4.3-14,4.6c-6.8,0.3-12.6,0-20.9-1.5c-11.3-2-33.1-10.1-44.7-5.7\ts-12.1,4.6-18,7.4c-6.6,3.2-20,9.6-36.6,9.3C131.6,23.5,99.5,7.2,86.3,8c-1.4,0.1-6.6,0.8-10.5,2c-3.8,1.2-9.4,3.8-17,4.7\tc-3.2,0.4-8.3,1.1-14.2,0.9c-1.5-0.1-6.3-0.4-12-1.6c-5.7-1.2-11-3.1-15.8-3.7C6.5,9.2,0,10.8,0,10.8V0h283.5V9.7z M260.8,11.3\tc-0.7-1-2-0.4-4.3-0.4c-2.3,0-6.1-1.2-5.8-1.1c0.3,0.1,3.1,1.5,6,1.9C259.7,12.2,261.4,12.3,260.8,11.3z M242.4,8.6\tc0,0-2.4-0.2-5.6-0.9c-3.2-0.8-10.3-2.8-15.1-3.5c-8.2-1.1-15.8,0-15.1,0.1c0.8,0.1,9.6-0.6,17.6,1.1c3.3,0.7,9.3,2.2,12.4,2.7\tC239.9,8.7,242.4,8.6,242.4,8.6z M185.2,8.5c1.7-0.7-13.3,4.7-18.5,6.1c-2.1,0.6-6.2,1.6-10,2c-3.9,0.4-8.9,0.4-8.8,0.5\tc0,0.2,5.8,0.8,11.2,0c5.4-0.8,5.2-1.1,7.6-1.6C170.5,14.7,183.5,9.2,185.2,8.5z M199.1,6.9c0.2,0-0.8-0.4-4.8,1.1\tc-4,1.5-6.7,3.5-6.9,3.7c-0.2,0.1,3.5-1.8,6.6-3C197,7.5,199,6.9,199.1,6.9z M283,6c-0.1,0.1-1.9,1.1-4.8,2.5s-6.9,2.8-6.7,2.7\tc0.2,0,3.5-0.6,7.4-2.5C282.8,6.8,283.1,5.9,283,6z M31.3,11.6c0.1-0.2-1.9-0.2-4.5-1.2s-5.4-1.6-7.8-2C15,7.6,7.3,8.5,7.7,8.6\tC8,8.7,15.9,8.3,20.2,9.3c2.2,0.5,2.4,0.5,5.7,1.6S31.2,11.9,31.3,11.6z M73,9.2c0.4-0.1,3.5-1.6,8.4-2.6c4.9-1.1,8.9-0.5,8.9-0.8\tc0-0.3-1-0.9-6.2-0.3S72.6,9.3,73,9.2z M71.6,6.7C71.8,6.8,75,5.4,77.3,5c2.3-0.3,1.9-0.5,1.9-0.6c0-0.1-1.1-0.2-2.7,0.2\tC74.8,5.1,71.4,6.6,71.6,6.7z M93.6,4.4c0.1,0.2,3.5,0.8,5.6,1.8c2.1,1,1.8,0.6,1.9,0.5c0.1-0.1-0.8-0.8-2.4-1.3\tC97.1,4.8,93.5,4.2,93.6,4.4z M65.4,11.1c-0.1,0.3,0.3,0.5,1.9-0.2s2.6-1.3,2.2-1.2s-0.9,0.4-2.5,0.8C65.3,10.9,65.5,10.8,65.4,11.1\tz M34.5,12.4c-0.2,0,2.1,0.8,3.3,0.9c1.2,0.1,2,0.1,2-0.2c0-0.3-0.1-0.5-1.6-0.4C36.6,12.8,34.7,12.4,34.5,12.4z M152.2,21.1\tc-0.1,0.1-2.4-0.3-7.5-0.3c-5,0-13.6-2.4-17.2-3.5c-3.6-1.1,10,3.9,16.5,4.1C150.5,21.6,152.3,21,152.2,21.1z\"\/>\n\t<path class=\"elementor-shape-fill\" d=\"M269.6,18c-0.1-0.1-4.6,0.3-7.2,0c-7.3-0.7-17-3.2-16.6-2.9c0.4,0.3,13.7,3.1,17,3.3\tC267.7,18.8,269.7,18,269.6,18z\"\/>\n\t<path class=\"elementor-shape-fill\" d=\"M227.4,9.8c-0.2-0.1-4.5-1-9.5-1.2c-5-0.2-12.7,0.6-12.3,0.5c0.3-0.1,5.9-1.8,13.3-1.2\tS227.6,9.9,227.4,9.8z\"\/>\n\t<path class=\"elementor-shape-fill\" d=\"M204.5,13.4c-0.1-0.1,2-1,3.2-1.1c1.2-0.1,2,0,2,0.3c0,0.3-0.1,0.5-1.6,0.4\tC206.4,12.9,204.6,13.5,204.5,13.4z\"\/>\n\t<path class=\"elementor-shape-fill\" d=\"M201,10.6c0-0.1-4.4,1.2-6.3,2.2c-1.9,0.9-6.2,3.1-6.1,3.1c0.1,0.1,4.2-1.6,6.3-2.6\tS201,10.7,201,10.6z\"\/>\n\t<path class=\"elementor-shape-fill\" d=\"M154.5,26.7c-0.1-0.1-4.6,0.3-7.2,0c-7.3-0.7-17-3.2-16.6-2.9c0.4,0.3,13.7,3.1,17,3.3\tC152.6,27.5,154.6,26.8,154.5,26.7z\"\/>\n\t<path class=\"elementor-shape-fill\" d=\"M41.9,19.3c0,0,1.2-0.3,2.9-0.1c1.7,0.2,5.8,0.9,8.2,0.7c4.2-0.4,7.4-2.7,7-2.6\tc-0.4,0-4.3,2.2-8.6,1.9c-1.8-0.1-5.1-0.5-6.7-0.4S41.9,19.3,41.9,19.3z\"\/>\n\t<path class=\"elementor-shape-fill\" d=\"M75.5,12.6c0.2,0.1,2-0.8,4.3-1.1c2.3-0.2,2.1-0.3,2.1-0.5c0-0.1-1.8-0.4-3.4,0\tC76.9,11.5,75.3,12.5,75.5,12.6z\"\/>\n\t<path class=\"elementor-shape-fill\" d=\"M15.6,13.2c0-0.1,4.3,0,6.7,0.5c2.4,0.5,5,1.9,5,2c0,0.1-2.7-0.8-5.1-1.4\tC19.9,13.7,15.7,13.3,15.6,13.2z\"\/>\n<\/svg>\t\t<\/div>\n\t\t\t\t\t<div class=\"elementor-container elementor-column-gap-default\">\n\t\t\t\t\t<div class=\"elementor-column elementor-col-100 elementor-top-column elementor-element elementor-element-0edb52f\" data-id=\"0edb52f\" data-element_type=\"column\" data-e-type=\"column\" data-settings=\"{&quot;background_background&quot;:&quot;gradient&quot;}\">\n\t\t\t<div class=\"elementor-widget-wrap elementor-element-populated\">\n\t\t\t\t\t\t<div class=\"elementor-element elementor-element-832fc06 elementor-widget elementor-widget-spacer\" data-id=\"832fc06\" data-element_type=\"widget\" data-e-type=\"widget\" data-widget_type=\"spacer.default\">\n\t\t\t\t<div class=\"elementor-widget-container\">\n\t\t\t\t\t\t\t<div class=\"elementor-spacer\">\n\t\t\t<div class=\"elementor-spacer-inner\"><\/div>\n\t\t<\/div>\n\t\t\t\t\t\t<\/div>\n\t\t\t\t<\/div>\n\t\t\t\t<div class=\"elementor-element elementor-element-6e669c3 elementor-widget__width-initial elementor-widget elementor-widget-eael-fancy-text\" data-id=\"6e669c3\" data-element_type=\"widget\" data-e-type=\"widget\" data-widget_type=\"eael-fancy-text.default\">\n\t\t\t\t<div class=\"elementor-widget-container\">\n\t\t\t\t\t\n\t<div  class=\"eael-fancy-text-container style-1\" data-fancy-text-id=\"6e669c3\" data-fancy-text=\"|\u00bfquienes somos?\" data-fancy-text-transition-type=\"typing\" data-fancy-text-speed=\"88\" data-fancy-text-delay=\"2500\" data-fancy-text-cursor=\"yes\" data-fancy-text-loop=\"\" data-fancy-text-action=\"page_load\" >\n\t\t\n\t\t\n\t\t\t\t\t<span id=\"eael-fancy-text-6e669c3\" class=\"eael-fancy-text-strings solid-color\">\n\t\t\t\t<noscript>\n\t\t\t\t\t\u00bfquienes somos?\t\t\t\t<\/noscript>\n\t\t\t<\/span>\n\t\t\n\t\t\t\t\t<span class=\"eael-fancy-text-suffix\">  <\/span>\n\t\t\t<\/div><!-- close .eael-fancy-text-container -->\n\n\t<div class=\"clearfix\"><\/div>\n\n\t\t\t\t\t<\/div>\n\t\t\t\t<\/div>\n\t\t\t\t\t<\/div>\n\t\t<\/div>\n\t\t\t\t\t<\/div>\n\t\t<\/section>\n\t\t\t\t<section class=\"elementor-section elementor-top-section elementor-element elementor-element-1ebfe58 elementor-section-stretched elementor-section-boxed elementor-section-height-default elementor-section-height-default\" data-id=\"1ebfe58\" data-element_type=\"section\" data-e-type=\"section\" data-settings=\"{&quot;stretch_section&quot;:&quot;section-stretched&quot;,&quot;background_background&quot;:&quot;classic&quot;}\">\n\t\t\t\t\t\t<div class=\"elementor-container elementor-column-gap-default\">\n\t\t\t\t\t<div class=\"elementor-column elementor-col-50 elementor-top-column elementor-element elementor-element-cef2755\" data-id=\"cef2755\" data-element_type=\"column\" data-e-type=\"column\">\n\t\t\t<div class=\"elementor-widget-wrap elementor-element-populated\">\n\t\t\t\t\t\t<div class=\"elementor-element elementor-element-ed00cf7 elementor-widget elementor-widget-heading\" data-id=\"ed00cf7\" data-element_type=\"widget\" data-e-type=\"widget\" data-widget_type=\"heading.default\">\n\t\t\t\t<div class=\"elementor-widget-container\">\n\t\t\t\t\t<h4 class=\"elementor-heading-title elementor-size-default\">HISTORIA<\/h4>\t\t\t\t<\/div>\n\t\t\t\t<\/div>\n\t\t\t\t<div class=\"elementor-element elementor-element-895353e elementor-widget elementor-widget-text-editor\" data-id=\"895353e\" data-element_type=\"widget\" data-e-type=\"widget\" data-widget_type=\"text-editor.default\">\n\t\t\t\t<div class=\"elementor-widget-container\">\n\t\t\t\t\t\t\t\t\t<p><span>El Reverendo Padre Gustavo Estrada, Guardi\u00e1n del Convento de San Francisco de Armenia, en reuni\u00f3n del 14 de Junio de 1956, expuso a los discretos del Convento, Fray Daniel Saavedra, Fray Alvaro Mart\u00ednez y Fray Manuel Restrepo, la inquietud y el deseo de la Venerable Orden Tercera Franciscana, de que en las instalaciones del Convento funcionara un Colegio que respondiera a la necesidad sentida por la sociedad de Armenia.<\/span><\/p>\n<p><span>La idea fue acogida y se convino comunicar tal solicitud al Gobierno Provincial de entonces. El M.R.P. Provincial Fray Jos\u00e9 Miguel L\u00f3pez H. y su Definitorio reunido en Bogot\u00e1 el 24 de Julio de 1956, estudiaron la solicitud y aprobaron la iniciaci\u00f3n de labores para febrero de 1957.<\/span><\/p>\n<p><span>En Enero de 1957 se iniciaron los trabajos de adecuaci\u00f3n del edificio del Convento para las labores escolares. Al nuevo colegio se le dio el nombre de SAN LUIS REY en honor de Luis IX, Rey de Francia, patrono de la Tercera Orden Franciscana, e insigne ejecutor de las Cruzadas S\u00e9ptima y Octava que buscaban el rescate de los lugares Santos de Palestina, en poder de los infieles.<\/span><\/p>\n<p><span>El d\u00eda Primero de Febrero de 1957 se iniciaron las labores acad\u00e9micas con 150 alumnos matriculados de Primero a Quinto de B\u00e1sica Primaria y Primero de Bachillerato.<\/span><\/p>\n<p><span>Fue nombrado como Primer Rector el R.P. Fray Luis Eduardo Median G. y como Vicerrector el R.P. Fray Bernardo Molina R.<\/span><\/p>\n<p><span>El primer grupo de profesores del Colegio estuvo conformado por los Reverendos Padres Fray Alvaro Mart\u00ednez, Fray Jos\u00e9 de Jes\u00fas Bello y los Reverendos Hermanos Fray Horacio Garc\u00eda y Fray Jos\u00e9 A. Caballero. Los docentes laicos: Santiago Ospina R.; Carlos Arturo Rodr\u00edguez, Gustavo Orozco e Ismael Tarquino.<\/span><\/p>\n<p>La Primera Secretaria fue Maruja Zuluaga.<\/p>\n<p>El d\u00eda 12 de Febrero de 1957 se inauguro el Colegio con una misa solemne presidida por el R.P. Fray Gustavo Estrada, Superior del Convento de San Francisco.<\/p>\n<p>La primera licencia de funcionamiento fue la No. 407 de Marzo 4 de 1957 emanada de la Secretaria de Educaci\u00f3n de Caldas.<\/p>\n<p>La Primera Resoluci\u00f3n de Aprobaci\u00f3n de estudios Fue la No. 03400 del 24 de Julio de 1958.<\/p>\n<p>El primer alumno matriculado Fue Rodrigo Botero Mej\u00eda.<\/p>\t\t\t\t\t\t\t\t<\/div>\n\t\t\t\t<\/div>\n\t\t\t\t\t<\/div>\n\t\t<\/div>\n\t\t\t\t<div class=\"elementor-column elementor-col-50 elementor-top-column elementor-element elementor-element-da81d56\" data-id=\"da81d56\" data-element_type=\"column\" data-e-type=\"column\">\n\t\t\t<div class=\"elementor-widget-wrap elementor-element-populated\">\n\t\t\t\t\t\t<div class=\"elementor-element elementor-element-8a733b8 elementor-widget elementor-widget-image\" data-id=\"8a733b8\" data-element_type=\"widget\" data-e-type=\"widget\" data-widget_type=\"image.default\">\n\t\t\t\t<div class=\"elementor-widget-container\">\n\t\t\t\t\t\t\t\t\t\t\t\t\t\t\t<img fetchpriority=\"high\" decoding=\"async\" width=\"750\" height=\"500\" src=\"https:\/\/www.sanluisrey.edu.co\/new\/wp-content\/uploads\/2024\/09\/DAG_4676-1024x683.jpg\" class=\"attachment-large size-large wp-image-17718\" alt=\"\" srcset=\"https:\/\/www.sanluisrey.edu.co\/new\/wp-content\/uploads\/2024\/09\/DAG_4676-1024x683.jpg 1024w, https:\/\/www.sanluisrey.edu.co\/new\/wp-content\/uploads\/2024\/09\/DAG_4676-300x200.jpg 300w, https:\/\/www.sanluisrey.edu.co\/new\/wp-content\/uploads\/2024\/09\/DAG_4676-768x512.jpg 768w, https:\/\/www.sanluisrey.edu.co\/new\/wp-content\/uploads\/2024\/09\/DAG_4676-1536x1025.jpg 1536w, https:\/\/www.sanluisrey.edu.co\/new\/wp-content\/uploads\/2024\/09\/DAG_4676-2048x1366.jpg 2048w, https:\/\/www.sanluisrey.edu.co\/new\/wp-content\/uploads\/2024\/09\/DAG_4676-360x240.jpg 360w, https:\/\/www.sanluisrey.edu.co\/new\/wp-content\/uploads\/2024\/09\/DAG_4676-600x400.jpg 600w\" sizes=\"(max-width: 750px) 100vw, 750px\" \/>\t\t\t\t\t\t\t\t\t\t\t\t\t\t\t<\/div>\n\t\t\t\t<\/div>\n\t\t\t\t<div class=\"elementor-element elementor-element-21e1f9d elementor-widget elementor-widget-text-editor\" data-id=\"21e1f9d\" data-element_type=\"widget\" data-e-type=\"widget\" data-widget_type=\"text-editor.default\">\n\t\t\t\t<div class=\"elementor-widget-container\">\n\t\t\t\t\t\t\t\t\tDebido al crecimiento y la importancia que el Colegio alcanzo, la comunidad franciscana considera la necesidad de ubicarlo en otro sitio que ofreciera mayores posibilidades para el desarrollo de una mejor labor educativa.\n<br>\nFue as\u00ed como el R.P. Fray Francisco Tob\u00f3n A. adquiri\u00f3 un terreno de la antigua finca &#8220;La Sirenita&#8221; propiedad del presb\u00edtero Julio Ernesto D\u00e1vila G. a orilla de la carretera que de Armenia conduce a Pereira, contiguo al acueducto municipal. Se compr\u00f3 el terreno el d\u00eda 10 de Noviembre de 1960. En 1961 se iniciaron los trabajos de adecuaci\u00f3n del terreno y construcci\u00f3n. Su traslado definitivo a la nueva sede se hizo en el a\u00f1o 1974 siendo Rector el R.P. Fray Javier Bernal Baena.<\/span>\n\n<span>Cuenta hoy el colegio con una excelente planta f\u00edsica dotada de todo lo que exige la educaci\u00f3n actual. Elementos y medios auxiliares de ense\u00f1anza que responden a las m\u00e1s rigurosas exigencias de la pedagog\u00eda moderna. Elemento humano docente, discente y administrativo, con admirable m\u00edstica en su desempe\u00f1o.<\/span>\n\n<span>Pero sobre todo, la peculiar concepci\u00f3n de su educaci\u00f3n, heredada de San Francisco de Asis, var\u00f3n singular, resplandeciente de sabidur\u00eda elemental, quien supo descubrir que el amor es el centro y la estructura de toda actividad, y que por tanto la voluntad prima sobre la inteligencia; la ciencia es amor, y la cultura es la humanizaci\u00f3n de la naturaleza, como lo demostr\u00f3 el santo al asumir por amor la creaci\u00f3n entera como una irradiaci\u00f3n de Dios.<\/span>\n\nTal doctrina constituye el secreto de los \u00e9xitos de nuestro colegio.\t\t\t\t\t\t\t\t<\/div>\n\t\t\t\t<\/div>\n\t\t\t\t\t<\/div>\n\t\t<\/div>\n\t\t\t\t\t<\/div>\n\t\t<\/section>\n\t\t\t\t<section class=\"elementor-section elementor-top-section elementor-element elementor-element-354681e elementor-section-boxed elementor-section-height-default elementor-section-height-default\" data-id=\"354681e\" data-element_type=\"section\" data-e-type=\"section\" data-settings=\"{&quot;shape_divider_top&quot;:&quot;pyramids&quot;}\">\n\t\t\t\t\t\t\t<div class=\"elementor-background-overlay\"><\/div>\n\t\t\t\t\t\t<div class=\"elementor-shape elementor-shape-top\" aria-hidden=\"true\" data-negative=\"false\">\n\t\t\t<svg xmlns=\"http:\/\/www.w3.org\/2000\/svg\" viewBox=\"0 0 1000 100\" preserveAspectRatio=\"none\">\n\t<path class=\"elementor-shape-fill\" d=\"M761.9,44.1L643.1,27.2L333.8,98L0,3.8V0l1000,0v3.9\"\/>\n<\/svg>\t\t<\/div>\n\t\t\t\t\t<div class=\"elementor-container elementor-column-gap-default\">\n\t\t\t\t\t<div class=\"elementor-column elementor-col-100 elementor-top-column elementor-element elementor-element-8285b9d\" data-id=\"8285b9d\" data-element_type=\"column\" data-e-type=\"column\" data-settings=\"{&quot;background_background&quot;:&quot;gradient&quot;}\">\n\t\t\t<div class=\"elementor-widget-wrap elementor-element-populated\">\n\t\t\t\t\t\t<div class=\"elementor-element elementor-element-719581a elementor-widget elementor-widget-spacer\" data-id=\"719581a\" data-element_type=\"widget\" data-e-type=\"widget\" data-widget_type=\"spacer.default\">\n\t\t\t\t<div class=\"elementor-widget-container\">\n\t\t\t\t\t\t\t<div class=\"elementor-spacer\">\n\t\t\t<div class=\"elementor-spacer-inner\"><\/div>\n\t\t<\/div>\n\t\t\t\t\t\t<\/div>\n\t\t\t\t<\/div>\n\t\t\t\t\t<\/div>\n\t\t<\/div>\n\t\t\t\t\t<\/div>\n\t\t<\/section>\n\t\t\t\t<section class=\"elementor-section elementor-top-section elementor-element elementor-element-f322b71 elementor-section-boxed elementor-section-height-default elementor-section-height-default\" data-id=\"f322b71\" data-element_type=\"section\" data-e-type=\"section\" data-settings=\"{&quot;shape_divider_bottom&quot;:&quot;mountains&quot;}\">\n\t\t\t\t\t\t\t<div class=\"elementor-background-overlay\"><\/div>\n\t\t\t\t\t\t<div class=\"elementor-shape elementor-shape-bottom\" aria-hidden=\"true\" data-negative=\"false\">\n\t\t\t<svg xmlns=\"http:\/\/www.w3.org\/2000\/svg\" viewBox=\"0 0 1000 100\" preserveAspectRatio=\"none\">\n\t<path class=\"elementor-shape-fill\" opacity=\"0.33\" d=\"M473,67.3c-203.9,88.3-263.1-34-320.3,0C66,119.1,0,59.7,0,59.7V0h1000v59.7 c0,0-62.1,26.1-94.9,29.3c-32.8,3.3-62.8-12.3-75.8-22.1C806,49.6,745.3,8.7,694.9,4.7S492.4,59,473,67.3z\"\/>\n\t<path class=\"elementor-shape-fill\" opacity=\"0.66\" d=\"M734,67.3c-45.5,0-77.2-23.2-129.1-39.1c-28.6-8.7-150.3-10.1-254,39.1 s-91.7-34.4-149.2,0C115.7,118.3,0,39.8,0,39.8V0h1000v36.5c0,0-28.2-18.5-92.1-18.5C810.2,18.1,775.7,67.3,734,67.3z\"\/>\n\t<path class=\"elementor-shape-fill\" d=\"M766.1,28.9c-200-57.5-266,65.5-395.1,19.5C242,1.8,242,5.4,184.8,20.6C128,35.8,132.3,44.9,89.9,52.5C28.6,63.7,0,0,0,0 h1000c0,0-9.9,40.9-83.6,48.1S829.6,47,766.1,28.9z\"\/>\n<\/svg>\t\t<\/div>\n\t\t\t\t\t<div class=\"elementor-container elementor-column-gap-default\">\n\t\t\t\t\t<div class=\"elementor-column elementor-col-100 elementor-top-column elementor-element elementor-element-034cd83\" data-id=\"034cd83\" data-element_type=\"column\" data-e-type=\"column\" data-settings=\"{&quot;background_background&quot;:&quot;gradient&quot;}\">\n\t\t\t<div class=\"elementor-widget-wrap elementor-element-populated\">\n\t\t\t\t\t\t<div class=\"elementor-element elementor-element-ac4ef83 e-transform elementor-widget elementor-widget-spacer\" data-id=\"ac4ef83\" data-element_type=\"widget\" data-e-type=\"widget\" data-settings=\"{&quot;_transform_rotateZ_effect&quot;:{&quot;unit&quot;:&quot;px&quot;,&quot;size&quot;:90,&quot;sizes&quot;:[]},&quot;_transform_rotateZ_effect_tablet&quot;:{&quot;unit&quot;:&quot;deg&quot;,&quot;size&quot;:&quot;&quot;,&quot;sizes&quot;:[]},&quot;_transform_rotateZ_effect_mobile&quot;:{&quot;unit&quot;:&quot;deg&quot;,&quot;size&quot;:&quot;&quot;,&quot;sizes&quot;:[]}}\" data-widget_type=\"spacer.default\">\n\t\t\t\t<div class=\"elementor-widget-container\">\n\t\t\t\t\t\t\t<div class=\"elementor-spacer\">\n\t\t\t<div class=\"elementor-spacer-inner\"><\/div>\n\t\t<\/div>\n\t\t\t\t\t\t<\/div>\n\t\t\t\t<\/div>\n\t\t\t\t\t<\/div>\n\t\t<\/div>\n\t\t\t\t\t<\/div>\n\t\t<\/section>\n\t\t\t\t<section class=\"elementor-section elementor-top-section elementor-element elementor-element-1c352a9 elementor-section-stretched elementor-section-boxed elementor-section-height-default elementor-section-height-default\" data-id=\"1c352a9\" data-element_type=\"section\" data-e-type=\"section\" data-settings=\"{&quot;stretch_section&quot;:&quot;section-stretched&quot;}\">\n\t\t\t\t\t\t<div class=\"elementor-container elementor-column-gap-default\">\n\t\t\t\t\t<div class=\"elementor-column elementor-col-50 elementor-top-column elementor-element elementor-element-be02dd9\" data-id=\"be02dd9\" data-element_type=\"column\" data-e-type=\"column\">\n\t\t\t<div class=\"elementor-widget-wrap elementor-element-populated\">\n\t\t\t\t\t\t<div class=\"elementor-element elementor-element-0088550 elementor-widget elementor-widget-heading\" data-id=\"0088550\" data-element_type=\"widget\" data-e-type=\"widget\" data-widget_type=\"heading.default\">\n\t\t\t\t<div class=\"elementor-widget-container\">\n\t\t\t\t\t<h4 class=\"elementor-heading-title elementor-size-default\">MISI\u00d3N<\/h4>\t\t\t\t<\/div>\n\t\t\t\t<\/div>\n\t\t\t\t\t<\/div>\n\t\t<\/div>\n\t\t\t\t<div class=\"elementor-column elementor-col-50 elementor-top-column elementor-element elementor-element-649b9ad\" data-id=\"649b9ad\" data-element_type=\"column\" data-e-type=\"column\">\n\t\t\t<div class=\"elementor-widget-wrap elementor-element-populated\">\n\t\t\t\t\t\t<div class=\"elementor-element elementor-element-7bbbd09 elementor-widget elementor-widget-heading\" data-id=\"7bbbd09\" data-element_type=\"widget\" data-e-type=\"widget\" data-widget_type=\"heading.default\">\n\t\t\t\t<div class=\"elementor-widget-container\">\n\t\t\t\t\t<h4 class=\"elementor-heading-title elementor-size-default\">VISI\u00d3N<\/h4>\t\t\t\t<\/div>\n\t\t\t\t<\/div>\n\t\t\t\t<div class=\"elementor-element elementor-element-1abe5ce elementor-widget elementor-widget-text-editor\" data-id=\"1abe5ce\" data-element_type=\"widget\" data-e-type=\"widget\" data-widget_type=\"text-editor.default\">\n\t\t\t\t<div class=\"elementor-widget-container\">\n\t\t\t\t\t\t\t\t\t<p><span style=\"font-weight: 400;\">.<\/span><\/p>\t\t\t\t\t\t\t\t<\/div>\n\t\t\t\t<\/div>\n\t\t\t\t\t<\/div>\n\t\t<\/div>\n\t\t\t\t\t<\/div>\n\t\t<\/section>\n\t\t\t\t<section class=\"elementor-section elementor-top-section elementor-element elementor-element-e6a45ea elementor-section-boxed elementor-section-height-default elementor-section-height-default\" data-id=\"e6a45ea\" data-element_type=\"section\" data-e-type=\"section\" data-settings=\"{&quot;shape_divider_top&quot;:&quot;mountains&quot;}\">\n\t\t\t\t\t\t\t<div class=\"elementor-background-overlay\"><\/div>\n\t\t\t\t\t\t<div class=\"elementor-shape elementor-shape-top\" aria-hidden=\"true\" data-negative=\"false\">\n\t\t\t<svg xmlns=\"http:\/\/www.w3.org\/2000\/svg\" viewBox=\"0 0 1000 100\" preserveAspectRatio=\"none\">\n\t<path class=\"elementor-shape-fill\" opacity=\"0.33\" d=\"M473,67.3c-203.9,88.3-263.1-34-320.3,0C66,119.1,0,59.7,0,59.7V0h1000v59.7 c0,0-62.1,26.1-94.9,29.3c-32.8,3.3-62.8-12.3-75.8-22.1C806,49.6,745.3,8.7,694.9,4.7S492.4,59,473,67.3z\"\/>\n\t<path class=\"elementor-shape-fill\" opacity=\"0.66\" d=\"M734,67.3c-45.5,0-77.2-23.2-129.1-39.1c-28.6-8.7-150.3-10.1-254,39.1 s-91.7-34.4-149.2,0C115.7,118.3,0,39.8,0,39.8V0h1000v36.5c0,0-28.2-18.5-92.1-18.5C810.2,18.1,775.7,67.3,734,67.3z\"\/>\n\t<path class=\"elementor-shape-fill\" d=\"M766.1,28.9c-200-57.5-266,65.5-395.1,19.5C242,1.8,242,5.4,184.8,20.6C128,35.8,132.3,44.9,89.9,52.5C28.6,63.7,0,0,0,0 h1000c0,0-9.9,40.9-83.6,48.1S829.6,47,766.1,28.9z\"\/>\n<\/svg>\t\t<\/div>\n\t\t\t\t\t<div class=\"elementor-container elementor-column-gap-default\">\n\t\t\t\t\t<div class=\"elementor-column elementor-col-100 elementor-top-column elementor-element elementor-element-0ce9c0e\" data-id=\"0ce9c0e\" data-element_type=\"column\" data-e-type=\"column\" data-settings=\"{&quot;background_background&quot;:&quot;gradient&quot;}\">\n\t\t\t<div class=\"elementor-widget-wrap elementor-element-populated\">\n\t\t\t\t\t\t<div class=\"elementor-element elementor-element-f0e0023 e-transform elementor-widget elementor-widget-spacer\" data-id=\"f0e0023\" data-element_type=\"widget\" data-e-type=\"widget\" data-settings=\"{&quot;_transform_rotateZ_effect&quot;:{&quot;unit&quot;:&quot;px&quot;,&quot;size&quot;:90,&quot;sizes&quot;:[]},&quot;_transform_rotateZ_effect_tablet&quot;:{&quot;unit&quot;:&quot;deg&quot;,&quot;size&quot;:&quot;&quot;,&quot;sizes&quot;:[]},&quot;_transform_rotateZ_effect_mobile&quot;:{&quot;unit&quot;:&quot;deg&quot;,&quot;size&quot;:&quot;&quot;,&quot;sizes&quot;:[]}}\" data-widget_type=\"spacer.default\">\n\t\t\t\t<div class=\"elementor-widget-container\">\n\t\t\t\t\t\t\t<div class=\"elementor-spacer\">\n\t\t\t<div class=\"elementor-spacer-inner\"><\/div>\n\t\t<\/div>\n\t\t\t\t\t\t<\/div>\n\t\t\t\t<\/div>\n\t\t\t\t\t<\/div>\n\t\t<\/div>\n\t\t\t\t\t<\/div>\n\t\t<\/section>\n\t\t\t\t<section class=\"elementor-section elementor-top-section elementor-element elementor-element-f951652 elementor-section-boxed elementor-section-height-default elementor-section-height-default\" data-id=\"f951652\" data-element_type=\"section\" data-e-type=\"section\" data-settings=\"{&quot;background_background&quot;:&quot;classic&quot;}\">\n\t\t\t\t\t\t<div class=\"elementor-container elementor-column-gap-default\">\n\t\t\t\t\t<div class=\"elementor-column elementor-col-50 elementor-top-column elementor-element elementor-element-9c75cea\" data-id=\"9c75cea\" data-element_type=\"column\" data-e-type=\"column\">\n\t\t\t<div class=\"elementor-widget-wrap elementor-element-populated\">\n\t\t\t\t\t\t<div class=\"elementor-element elementor-element-19fde24 elementor-widget elementor-widget-heading\" data-id=\"19fde24\" data-element_type=\"widget\" data-e-type=\"widget\" data-widget_type=\"heading.default\">\n\t\t\t\t<div class=\"elementor-widget-container\">\n\t\t\t\t\t<h4 class=\"elementor-heading-title elementor-size-default\">Politica de Calidad<\/h4>\t\t\t\t<\/div>\n\t\t\t\t<\/div>\n\t\t\t\t<div class=\"elementor-element elementor-element-57731e6 elementor-widget elementor-widget-video\" data-id=\"57731e6\" data-element_type=\"widget\" data-e-type=\"widget\" data-settings=\"{&quot;youtube_url&quot;:&quot;https:\\\/\\\/youtu.be\\\/3WgGcyMvN7g&quot;,&quot;video_type&quot;:&quot;youtube&quot;,&quot;controls&quot;:&quot;yes&quot;}\" data-widget_type=\"video.default\">\n\t\t\t\t<div class=\"elementor-widget-container\">\n\t\t\t\t\t\t\t<div class=\"elementor-wrapper elementor-open-inline\">\n\t\t\t<div class=\"elementor-video\"><\/div>\t\t<\/div>\n\t\t\t\t\t\t<\/div>\n\t\t\t\t<\/div>\n\t\t\t\t\t<\/div>\n\t\t<\/div>\n\t\t\t\t<div class=\"elementor-column elementor-col-50 elementor-top-column elementor-element elementor-element-febd8de\" data-id=\"febd8de\" data-element_type=\"column\" data-e-type=\"column\">\n\t\t\t<div class=\"elementor-widget-wrap elementor-element-populated\">\n\t\t\t\t\t\t<div class=\"elementor-element elementor-element-6d39d45 elementor-widget elementor-widget-text-editor\" data-id=\"6d39d45\" data-element_type=\"widget\" data-e-type=\"widget\" data-widget_type=\"text-editor.default\">\n\t\t\t\t<div class=\"elementor-widget-container\">\n\t\t\t\t\t\t\t\t\t<p><span style=\"color: #000080;\"><b>N<\/b><b>uestro compromiso como Colegios franciscanos de Colombia es satisfacer las necesidades y expectativas de la comunidad educativa, mediante un an\u00e1lisis del entorno y la mejora continua en la formaci\u00f3n en valores, la calidad acad\u00e9mica, el fortalecimiento en el idioma ingl\u00e9s, la competencia del talento humano y los recursos f\u00edsicos.<\/b><\/span><\/p><p><span style=\"color: #000080;\"><strong>OBJETIVOS DE CALIDAD<\/strong><\/span><\/p><ol><li><em> <\/em><span style=\"color: #000080;\">Garantizar calidad en la formaci\u00f3n integral ofrecida a los estudiantes.<\/span><\/li><li><span style=\"color: #000080;\"><em> <\/em>Velar por la competencia del talento humano y propiciar un \u00f3ptimo clima organizacional para la mejora continua en la prestaci\u00f3n del servicio educativo.<\/span><\/li><li><span style=\"color: #000080;\"><em> <\/em>Satisfacer las necesidades y expectativas de los beneficiarios con el servicio educativo franciscano.<\/span><\/li><li><span style=\"color: #000080;\"><em> <\/em>Proveer y optimizar los recursos financieros y f\u00edsicos necesarios para apoyar la prestaci\u00f3n del servicio educativo franciscano.<\/span><\/li><\/ol>\t\t\t\t\t\t\t\t<\/div>\n\t\t\t\t<\/div>\n\t\t\t\t\t<\/div>\n\t\t<\/div>\n\t\t\t\t\t<\/div>\n\t\t<\/section>\n\t\t\t\t<section class=\"elementor-section elementor-top-section elementor-element elementor-element-bca6318 elementor-section-boxed elementor-section-height-default elementor-section-height-default\" data-id=\"bca6318\" data-element_type=\"section\" data-e-type=\"section\">\n\t\t\t\t\t\t<div class=\"elementor-container elementor-column-gap-default\">\n\t\t\t\t\t<div class=\"elementor-column elementor-col-100 elementor-top-column elementor-element elementor-element-7ecd840\" data-id=\"7ecd840\" data-element_type=\"column\" data-e-type=\"column\">\n\t\t\t<div class=\"elementor-widget-wrap elementor-element-populated\">\n\t\t\t\t\t\t<div class=\"elementor-element elementor-element-2b30468 elementor-widget elementor-widget-heading\" data-id=\"2b30468\" data-element_type=\"widget\" data-e-type=\"widget\" data-widget_type=\"heading.default\">\n\t\t\t\t<div class=\"elementor-widget-container\">\n\t\t\t\t\t<h2 class=\"elementor-heading-title elementor-size-default\">NUESTROS S\u00cdMBOLOS<\/h2>\t\t\t\t<\/div>\n\t\t\t\t<\/div>\n\t\t\t\t\t<\/div>\n\t\t<\/div>\n\t\t\t\t\t<\/div>\n\t\t<\/section>\n\t\t\t\t<section class=\"elementor-section elementor-top-section elementor-element elementor-element-3f60d6a elementor-section-boxed elementor-section-height-default elementor-section-height-default\" data-id=\"3f60d6a\" data-element_type=\"section\" data-e-type=\"section\">\n\t\t\t\t\t\t\t<div class=\"elementor-background-overlay\"><\/div>\n\t\t\t\t\t\t\t<div class=\"elementor-container elementor-column-gap-default\">\n\t\t\t\t\t<div class=\"elementor-column elementor-col-100 elementor-top-column elementor-element elementor-element-93c4753\" data-id=\"93c4753\" data-element_type=\"column\" data-e-type=\"column\" data-settings=\"{&quot;background_background&quot;:&quot;gradient&quot;}\">\n\t\t\t<div class=\"elementor-widget-wrap elementor-element-populated\">\n\t\t\t\t\t\t<div class=\"elementor-element elementor-element-12d03d5 elementor-widget elementor-widget-eael-interactive-circle\" data-id=\"12d03d5\" data-element_type=\"widget\" data-e-type=\"widget\" data-widget_type=\"eael-interactive-circle.default\">\n\t\t\t\t<div class=\"elementor-widget-container\">\n\t\t\t\t\t        <div id=\"eael-interactive-circle-12d03d5\" class=\"eael-interactive-circle\" data-tabid=\"12d03d5\">\n\t\t\t                <div class=\"eael-circle-wrapper eael-interactive-circle-preset-4 eael-interactive-circle-event-click eael-circle-responsive-view\" data-appearance=\"eael-interactive-circle-animation-0\" data-autoplay=\"0\" data-autoplay-interval=\"2000\">\n                    <div class=\"eael-circle-info\" data-items=\"6\">\n                        <div class=\"eael-circle-inner\">\n\t\t\t\t\t\t\t                                <div class=\"eael-circle-item elementor-repeater-item-2f841f6\">\n                                    <div aria-controls=\"eael-interactive-1\" tabindex=\"0\" class=\"eael-circle-btn active\" id=\"eael-circle-item-1\">\n\t\t\t\t\t\t\t\t\t\t\t\t\t\t\t\t\t\t\t\t<div class=\"eael-circle-icon-shapes \">\n\t\t\t\t\t\t\t\t\t\t\t<div class=\"eael-shape-1\"><\/div>\n\t\t\t\t\t\t\t\t\t\t\t<div class=\"eael-shape-2\"><\/div>\n\t\t\t\t\t\t\t\t\t\t<\/div>\n\t\t\t\t\t\t\t\t\t\t\n\t\t\t\t\t\t\t\t\t\t<!-- Start URL support -->\n\t\t\t\t\t\t\t\t\t\t\t\t\t\t\t\t\t\t\t\t\t<div class=\"eael-circle-btn-icon \">\n\t\t\t\t\t\t\t\t\t\t\t\t<div class=\"eael-circle-icon-inner\">\n\t\t\t\t\t\t\t\t\t\t\t\t\t<i class=\"fas fa-shield-alt\"><\/i><span class=\"eael-circle-btn-txt\">ESCUDO<\/span>\t\t\t\t\t\t\t\t\t\t\t\t<\/div>\n                                        \t<\/div>\n\t\t\t\t\t\t\t\t\t\t\t\t\t\t\t\t\t\t\t\t\t<!-- End URL support -->\n                                        \n                                    <\/div>\n                                    <div id=\"eael-interactive-1\" aria-labelledby=\"eael-circle-item-1\" class=\"eael-circle-btn-content eael-circle-item-1 active\">\n                                        <div class=\"eael-circle-content\">\n\t\t\t\t\t\t\t\t\t\t\t<p><img decoding=\"async\" data-src=\"https:\/\/www.sanluisrey.edu.co\/new\/wp-content\/uploads\/2024\/09\/escudo-trans-1.png\" alt=\"\" width=\"128\" height=\"183\" class=\"alignnone wp-image-17721 aligncenter lazyload\" src=\"data:image\/svg+xml;base64,PHN2ZyB3aWR0aD0iMSIgaGVpZ2h0PSIxIiB4bWxucz0iaHR0cDovL3d3dy53My5vcmcvMjAwMC9zdmciPjwvc3ZnPg==\" style=\"--smush-placeholder-width: 128px; --smush-placeholder-aspect-ratio: 128\/183;\" \/><\/p><p>El escudo fue dise\u00f1ado por <span style=\"color: #000000\">Fray Bernardo Molina Roldan O.F.M<\/span><\/p><p>Condensa los ideales del colegio, Est\u00e1 cortado en dos partes iguales por una l\u00ednea horizontal.en la parte superior lleva la se\u00f1al de la cruz y un libro abierto como s\u00edmbolo de la ciencia, teniendo como fondo los c\u00edrculos conc\u00e9ntricos que se van desvaneciendo de azul oscuro a blanco y que representa los grados de sabidur\u00eda divina y humana.<\/p><p>En la parte inferior sobre fondo amarillo, el nevado del Quind\u00edo y una rama con frutos de caf\u00e9. El escudo descansa sobre el manto real de San Luis IX, rey de Francia, tachonado con la emblem\u00e1tica flor de lis.<\/p><p>En la parte superior lleva una corona real y la divisa con las palabras\u00a0 <span style=\"color: #000000\">COLEGIO DE SAN LUIS REY<\/span>.\u00a0<\/p><p>el manto est\u00e1 sostenido por el cord\u00f3n franciscano con sus tres nudos, En la parte inferior del manto est\u00e1n escritas las palabras <span style=\"color: #000000\">PRAECO MAGNI REGIS\u00a0<\/span><\/p>                                        <\/div>\n                                    <\/div>\n                                <\/div>\n\n\t\t\t\t\t\t\t                                <div class=\"eael-circle-item elementor-repeater-item-eb6ece1\">\n                                    <div aria-controls=\"eael-interactive-2\" tabindex=\"0\" class=\"eael-circle-btn \" id=\"eael-circle-item-2\">\n\t\t\t\t\t\t\t\t\t\t\t\t\t\t\t\t\t\t\t\t<div class=\"eael-circle-icon-shapes \">\n\t\t\t\t\t\t\t\t\t\t\t<div class=\"eael-shape-1\"><\/div>\n\t\t\t\t\t\t\t\t\t\t\t<div class=\"eael-shape-2\"><\/div>\n\t\t\t\t\t\t\t\t\t\t<\/div>\n\t\t\t\t\t\t\t\t\t\t\n\t\t\t\t\t\t\t\t\t\t<!-- Start URL support -->\n\t\t\t\t\t\t\t\t\t\t\t\t\t\t\t\t\t\t\t\t\t<div class=\"eael-circle-btn-icon \">\n\t\t\t\t\t\t\t\t\t\t\t\t<div class=\"eael-circle-icon-inner\">\n\t\t\t\t\t\t\t\t\t\t\t\t\t<i class=\"fab fa-font-awesome-flag\"><\/i><span class=\"eael-circle-btn-txt\">BANDERA<\/span>\t\t\t\t\t\t\t\t\t\t\t\t<\/div>\n                                        \t<\/div>\n\t\t\t\t\t\t\t\t\t\t\t\t\t\t\t\t\t\t\t\t\t<!-- End URL support -->\n                                        \n                                    <\/div>\n                                    <div id=\"eael-interactive-2\" aria-labelledby=\"eael-circle-item-2\" class=\"eael-circle-btn-content eael-circle-item-2 \">\n                                        <div class=\"eael-circle-content\">\n\t\t\t\t\t\t\t\t\t\t\t<p><img decoding=\"async\" data-src=\"https:\/\/www.sanluisrey.edu.co\/new\/wp-content\/uploads\/2024\/10\/ukraine-flag-illustration-free-vector-removebg-preview-300x300.png\" alt=\"\" width=\"203\" height=\"203\" class=\"wp-image-17917 aligncenter lazyload\" data-srcset=\"https:\/\/www.sanluisrey.edu.co\/new\/wp-content\/uploads\/2024\/10\/ukraine-flag-illustration-free-vector-removebg-preview-300x300.png 300w, https:\/\/www.sanluisrey.edu.co\/new\/wp-content\/uploads\/2024\/10\/ukraine-flag-illustration-free-vector-removebg-preview-150x150.png 150w, https:\/\/www.sanluisrey.edu.co\/new\/wp-content\/uploads\/2024\/10\/ukraine-flag-illustration-free-vector-removebg-preview-160x160.png 160w, https:\/\/www.sanluisrey.edu.co\/new\/wp-content\/uploads\/2024\/10\/ukraine-flag-illustration-free-vector-removebg-preview.png 500w\" data-sizes=\"(max-width: 203px) 100vw, 203px\" src=\"data:image\/svg+xml;base64,PHN2ZyB3aWR0aD0iMSIgaGVpZ2h0PSIxIiB4bWxucz0iaHR0cDovL3d3dy53My5vcmcvMjAwMC9zdmciPjwvc3ZnPg==\" style=\"--smush-placeholder-width: 203px; --smush-placeholder-aspect-ratio: 203\/203;\" \/><\/p><p><strong><span style=\"color: #000000\">BANDERA:<\/span>\u00a0<\/strong>Consta de dos franjas horizontales: <span style=\"color: #000000\">azul rey el color de la franja superior; amarillo oro la franja inferior<\/span>, representan el firmamento y el sol, simbolizando al mismo tiempo la altura y la excelencia a las que deben mirar siempre los alumnos Sanluisistas.\u00a0<\/p>                                        <\/div>\n                                    <\/div>\n                                <\/div>\n\n\t\t\t\t\t\t\t                                <div class=\"eael-circle-item elementor-repeater-item-29c45f6\">\n                                    <div aria-controls=\"eael-interactive-3\" tabindex=\"0\" class=\"eael-circle-btn \" id=\"eael-circle-item-3\">\n\t\t\t\t\t\t\t\t\t\t\t\t\t\t\t\t\t\t\t\t<div class=\"eael-circle-icon-shapes \">\n\t\t\t\t\t\t\t\t\t\t\t<div class=\"eael-shape-1\"><\/div>\n\t\t\t\t\t\t\t\t\t\t\t<div class=\"eael-shape-2\"><\/div>\n\t\t\t\t\t\t\t\t\t\t<\/div>\n\t\t\t\t\t\t\t\t\t\t\n\t\t\t\t\t\t\t\t\t\t<!-- Start URL support -->\n\t\t\t\t\t\t\t\t\t\t\t\t\t\t\t\t\t\t\t\t\t<div class=\"eael-circle-btn-icon \">\n\t\t\t\t\t\t\t\t\t\t\t\t<div class=\"eael-circle-icon-inner\">\n\t\t\t\t\t\t\t\t\t\t\t\t\t<i class=\"fas fa-filter\"><\/i><span class=\"eael-circle-btn-txt\">CRUZ TAU<\/span>\t\t\t\t\t\t\t\t\t\t\t\t<\/div>\n                                        \t<\/div>\n\t\t\t\t\t\t\t\t\t\t\t\t\t\t\t\t\t\t\t\t\t<!-- End URL support -->\n                                        \n                                    <\/div>\n                                    <div id=\"eael-interactive-3\" aria-labelledby=\"eael-circle-item-3\" class=\"eael-circle-btn-content eael-circle-item-3 \">\n                                        <div class=\"eael-circle-content\">\n\t\t\t\t\t\t\t\t\t\t\t<p><img decoding=\"async\" data-src=\"https:\/\/www.sanluisrey.edu.co\/new\/wp-content\/uploads\/2024\/10\/tau3-removebg-preview-1.png\" alt=\"\" width=\"209\" height=\"204\" class=\"size-full wp-image-17918 aligncenter lazyload\" src=\"data:image\/svg+xml;base64,PHN2ZyB3aWR0aD0iMSIgaGVpZ2h0PSIxIiB4bWxucz0iaHR0cDovL3d3dy53My5vcmcvMjAwMC9zdmciPjwvc3ZnPg==\" style=\"--smush-placeholder-width: 209px; --smush-placeholder-aspect-ratio: 209\/204;\" \/><\/p><p>San Francisco profesaba una profunda devoci\u00f3n al signo Tau, del que habla expresamente el profeta Ezequiel (9,3-6) y al que se refiere impl\u00edcitamente el apocalipsis (7,2-4) que, por su forma en el alfabeto griego, le evocaba la Cruz, signo de conversi\u00f3n y de penitencia de elecci\u00f3n y de protecci\u00f3n por parte de dios; de redenci\u00f3n y de salvaci\u00f3n en cristo.<\/p><p><\/p><p>La Tau fue su r\u00fabrica. con ella firmaba sus escritos, bendec\u00eda en la frente a sus hermanos y marcaba los lugares que habitaba queriendo expresar mediante este signo su intenci\u00f3n de identificarse con Jesucristo, el maestro y se\u00f1or.<\/p><p>Los franciscanos, al compartir el signo Tau, proclamamos,unidos a nuestro fundador, el gozo de vivir y anunciar a Jesucristo y el compromiso irrenunciable de contribuir a la construcci\u00f3n de una sociedad fundamentada en los valores del evangelio.<\/p>                                        <\/div>\n                                    <\/div>\n                                <\/div>\n\n\t\t\t\t\t\t\t                                <div class=\"eael-circle-item elementor-repeater-item-a87f41b\">\n                                    <div aria-controls=\"eael-interactive-4\" tabindex=\"0\" class=\"eael-circle-btn \" id=\"eael-circle-item-4\">\n\t\t\t\t\t\t\t\t\t\t\t\t\t\t\t\t\t\t\t\t<div class=\"eael-circle-icon-shapes \">\n\t\t\t\t\t\t\t\t\t\t\t<div class=\"eael-shape-1\"><\/div>\n\t\t\t\t\t\t\t\t\t\t\t<div class=\"eael-shape-2\"><\/div>\n\t\t\t\t\t\t\t\t\t\t<\/div>\n\t\t\t\t\t\t\t\t\t\t\n\t\t\t\t\t\t\t\t\t\t<!-- Start URL support -->\n\t\t\t\t\t\t\t\t\t\t\t\t\t\t\t\t\t\t\t\t\t<div class=\"eael-circle-btn-icon \">\n\t\t\t\t\t\t\t\t\t\t\t\t<div class=\"eael-circle-icon-inner\">\n\t\t\t\t\t\t\t\t\t\t\t\t\t<i class=\"fas fa-chess-king\"><\/i><span class=\"eael-circle-btn-txt\">SAN LUIS REY<\/span>\t\t\t\t\t\t\t\t\t\t\t\t<\/div>\n                                        \t<\/div>\n\t\t\t\t\t\t\t\t\t\t\t\t\t\t\t\t\t\t\t\t\t<!-- End URL support -->\n                                        \n                                    <\/div>\n                                    <div id=\"eael-interactive-4\" aria-labelledby=\"eael-circle-item-4\" class=\"eael-circle-btn-content eael-circle-item-4 \">\n                                        <div class=\"eael-circle-content\">\n\t\t\t\t\t\t\t\t\t\t\t<p><img decoding=\"async\" data-src=\"https:\/\/www.sanluisrey.edu.co\/new\/wp-content\/uploads\/2024\/10\/saint-louis-removebg-preview.png\" alt=\"\" width=\"195\" height=\"195\" class=\"wp-image-17920 aligncenter lazyload\" data-srcset=\"https:\/\/www.sanluisrey.edu.co\/new\/wp-content\/uploads\/2024\/10\/saint-louis-removebg-preview.png 285w, https:\/\/www.sanluisrey.edu.co\/new\/wp-content\/uploads\/2024\/10\/saint-louis-removebg-preview-150x150.png 150w, https:\/\/www.sanluisrey.edu.co\/new\/wp-content\/uploads\/2024\/10\/saint-louis-removebg-preview-160x160.png 160w\" data-sizes=\"(max-width: 195px) 100vw, 195px\" src=\"data:image\/svg+xml;base64,PHN2ZyB3aWR0aD0iMSIgaGVpZ2h0PSIxIiB4bWxucz0iaHR0cDovL3d3dy53My5vcmcvMjAwMC9zdmciPjwvc3ZnPg==\" style=\"--smush-placeholder-width: 195px; --smush-placeholder-aspect-ratio: 195\/195;\" \/><\/p><p><span style=\"color: #000000\"><strong>San luis IX, Rey\u00a0 de Francia, <\/strong><\/span>Nacido en 1214 recibi\u00f3 una educaci\u00f3n estricta por parte de su madre <span style=\"color: #000000\"><strong>Blanca de Castilla<\/strong><\/span> y por ella encaminado a la santidad. Se distingui\u00f3 por su esp\u00edritu de penitencia y oraci\u00f3n, ingreso a la <span style=\"color: #000000\"><strong>tercera Orden Franciscana<\/strong><\/span>, hoy conocida como Orden Franciscana Seglar, quedando fuertemente impregnado por la espiritualidad de san francisco de As\u00eds, a los 21 a\u00f1os, en 1226, subi\u00f3 al trono de Francia. se caso con <strong><span style=\"color: #000000\">Margarita de Provenza<\/span><\/strong>, con la cual tuvo 11 hijos.<\/p><p>En la historia de Francia se le recuerda como un soberano sapient\u00edsimo y tambi\u00e9n en\u00e9rgico. practico todas las obras de misericordia convencionales, tradujo su fe en acci\u00f3n y busc\u00f3 no s\u00f3lo vivir, sino tambi\u00e9n gobernar seg\u00fan los preceptos de la religi\u00f3n cat\u00f3lica.<\/p><p>muri\u00f3 cerca de Cartago norte de \u00c1frica, el 25 de agosto de 1270 a los 55 a\u00f1os a causa de tifo, su cuerpo fue llevado a Francia y reposa en Saint Denis. fue canonizado por <strong><span style=\"color: #000000\">Bonifacio VIII<\/span><\/strong> en 1297, La Orden Franciscana Seglar lo considera como uno de sus mas ilustres hijos y lo festeja como a su patrono.<\/p><p><\/p>                                        <\/div>\n                                    <\/div>\n                                <\/div>\n\n\t\t\t\t\t\t\t                                <div class=\"eael-circle-item elementor-repeater-item-c30f94b\">\n                                    <div aria-controls=\"eael-interactive-5\" tabindex=\"0\" class=\"eael-circle-btn \" id=\"eael-circle-item-5\">\n\t\t\t\t\t\t\t\t\t\t\t\t\t\t\t\t\t\t\t\t<div class=\"eael-circle-icon-shapes \">\n\t\t\t\t\t\t\t\t\t\t\t<div class=\"eael-shape-1\"><\/div>\n\t\t\t\t\t\t\t\t\t\t\t<div class=\"eael-shape-2\"><\/div>\n\t\t\t\t\t\t\t\t\t\t<\/div>\n\t\t\t\t\t\t\t\t\t\t\n\t\t\t\t\t\t\t\t\t\t<!-- Start URL support -->\n\t\t\t\t\t\t\t\t\t\t\t\t\t\t\t\t\t\t\t\t\t<div class=\"eael-circle-btn-icon \">\n\t\t\t\t\t\t\t\t\t\t\t\t<div class=\"eael-circle-icon-inner\">\n\t\t\t\t\t\t\t\t\t\t\t\t\t<i class=\"fas fa-cross\"><\/i><span class=\"eael-circle-btn-txt\">CRUCIFIJO SAN DAMI\u00c1N<\/span>\t\t\t\t\t\t\t\t\t\t\t\t<\/div>\n                                        \t<\/div>\n\t\t\t\t\t\t\t\t\t\t\t\t\t\t\t\t\t\t\t\t\t<!-- End URL support -->\n                                        \n                                    <\/div>\n                                    <div id=\"eael-interactive-5\" aria-labelledby=\"eael-circle-item-5\" class=\"eael-circle-btn-content eael-circle-item-5 \">\n                                        <div class=\"eael-circle-content\">\n\t\t\t\t\t\t\t\t\t\t\t<p><img decoding=\"async\" data-src=\"https:\/\/www.sanluisrey.edu.co\/new\/wp-content\/uploads\/2024\/10\/Cristo_de_san_Damian-removebg-preview-217x300.png\" alt=\"\" width=\"142\" height=\"196\" class=\"wp-image-17919 aligncenter lazyload\" data-srcset=\"https:\/\/www.sanluisrey.edu.co\/new\/wp-content\/uploads\/2024\/10\/Cristo_de_san_Damian-removebg-preview-217x300.png 217w, https:\/\/www.sanluisrey.edu.co\/new\/wp-content\/uploads\/2024\/10\/Cristo_de_san_Damian-removebg-preview.png 425w\" data-sizes=\"(max-width: 142px) 100vw, 142px\" src=\"data:image\/svg+xml;base64,PHN2ZyB3aWR0aD0iMSIgaGVpZ2h0PSIxIiB4bWxucz0iaHR0cDovL3d3dy53My5vcmcvMjAwMC9zdmciPjwvc3ZnPg==\" style=\"--smush-placeholder-width: 142px; --smush-placeholder-aspect-ratio: 142\/196;\" \/><\/p><p><strong><span style=\"font-family: Verdana, Arial, Helvetica, sans-serif;font-size: small\">\u00a1Oh alto y glorioso Dios!, ilumina las tinieblas de mi coraz\u00f3n y dame fe recta, esperanza cierta y caridad perfecta, sentido y conocimiento, Se\u00f1or, para que cumpla tu santo y veraz mandamiento.<\/span><\/strong><\/p>                                        <\/div>\n                                    <\/div>\n                                <\/div>\n\n\t\t\t\t\t\t\t                                <div class=\"eael-circle-item elementor-repeater-item-54e28f3\">\n                                    <div aria-controls=\"eael-interactive-6\" tabindex=\"0\" class=\"eael-circle-btn \" id=\"eael-circle-item-6\">\n\t\t\t\t\t\t\t\t\t\t\t\t\t\t\t\t\t\t\t\t<div class=\"eael-circle-icon-shapes \">\n\t\t\t\t\t\t\t\t\t\t\t<div class=\"eael-shape-1\"><\/div>\n\t\t\t\t\t\t\t\t\t\t\t<div class=\"eael-shape-2\"><\/div>\n\t\t\t\t\t\t\t\t\t\t<\/div>\n\t\t\t\t\t\t\t\t\t\t\n\t\t\t\t\t\t\t\t\t\t<!-- Start URL support -->\n\t\t\t\t\t\t\t\t\t\t\t\t\t\t\t\t\t\t\t\t\t<div class=\"eael-circle-btn-icon \">\n\t\t\t\t\t\t\t\t\t\t\t\t<div class=\"eael-circle-icon-inner\">\n\t\t\t\t\t\t\t\t\t\t\t\t\t<i class=\"fas fa-music\"><\/i><span class=\"eael-circle-btn-txt\">HIMNO<\/span>\t\t\t\t\t\t\t\t\t\t\t\t<\/div>\n                                        \t<\/div>\n\t\t\t\t\t\t\t\t\t\t\t\t\t\t\t\t\t\t\t\t\t<!-- End URL support -->\n                                        \n                                    <\/div>\n                                    <div id=\"eael-interactive-6\" aria-labelledby=\"eael-circle-item-6\" class=\"eael-circle-btn-content eael-circle-item-6 \">\n                                        <div class=\"eael-circle-content\">\n\t\t\t\t\t\t\t\t\t\t\t<div><strong><span style=\"font-family: Arial, Helvetica, sans-serif;font-size: small\">Coro<\/span><\/strong><\/div><p><span style=\"color: #000066;font-family: Arial, Helvetica, sans-serif;font-size: small\">Horizontes orlados de gloria<\/span><\/p><p><span style=\"color: #000066;font-family: Arial, Helvetica, sans-serif;font-size: small\">nos invitan con voces de luz<\/span><\/p><p><span style=\"color: #000066;font-family: Arial, Helvetica, sans-serif;font-size: small\">conquistemos la triple corona<\/span><\/p><p><span style=\"color: #000066;font-family: Arial, Helvetica, sans-serif;font-size: small\">del\u00a0 honor, el saber, la virtud (bis).<\/span><\/p><p><span style=\"font-family: Arial, Helvetica, sans-serif;font-size: small\"><b>I<\/b><\/span><\/p><p><span style=\"color: #000066;font-family: Arial, Helvetica, sans-serif;font-size: small\">En los \u00e1vidos surcos del alma<\/span><\/p><p><span style=\"color: #000066;font-family: Arial, Helvetica, sans-serif;font-size: small\">cultivemos el germen del bien<\/span><\/p><p><span style=\"color: #000066;font-family: Arial, Helvetica, sans-serif;font-size: small\">cual cultiva en las pr\u00f3digas faldas<\/span><\/p><p><span style=\"color: #000066;font-family: Arial, Helvetica, sans-serif;font-size: small\">nuestra estirpe la flor del caf\u00e9.<\/span><\/p><p><span style=\"font-family: Arial, Helvetica, sans-serif;font-size: small\"><b>II<\/b><\/span><\/p><p><span style=\"color: #000066;font-family: Arial, Helvetica, sans-serif;font-size: small\">Paz y Bien nuestro f\u00falgido lema<\/span><\/p><p><span style=\"color: #000066;font-family: Arial, Helvetica, sans-serif;font-size: small\">pregoneros del rey inmortal<\/span><\/p><p><span style=\"color: #000066;font-family: Arial, Helvetica, sans-serif;font-size: small\">y en el campo feliz de la idea<\/span><\/p><p><span style=\"color: #000066;font-family: Arial, Helvetica, sans-serif;font-size: small\">cosechemos en brega tenaz.<\/span><\/p><p><span style=\"font-family: Arial, Helvetica, sans-serif;font-size: small\"><b>Coro<\/b><\/span><\/p><p><span style=\"color: #000066;font-family: Arial, Helvetica, sans-serif;font-size: small\">Horizontes orlados de gloria<\/span><\/p><p><span style=\"color: #000066;font-family: Arial, Helvetica, sans-serif;font-size: small\">nos invitan con voces de luz<\/span><\/p><p><span style=\"color: #000066;font-family: Arial, Helvetica, sans-serif;font-size: small\">conquistemos la triple corona<\/span><\/p><p><span style=\"color: #000066;font-family: Arial, Helvetica, sans-serif;font-size: small\">del\u00a0 honor, el saber, la virtud (bis).<\/span><\/p>                                        <\/div>\n                                    <\/div>\n                                <\/div>\n\n\t\t\t\t\t\t\t\n                        <\/div>\n                    <\/div>\n                <\/div>\n\n\t\t\t\n        <\/div>\n\t\t\t\t\t<\/div>\n\t\t\t\t<\/div>\n\t\t\t\t\t<\/div>\n\t\t<\/div>\n\t\t\t\t\t<\/div>\n\t\t<\/section>\n\t\t\t\t<section class=\"elementor-section elementor-top-section elementor-element elementor-element-6f8e735 elementor-section-boxed elementor-section-height-default elementor-section-height-default\" data-id=\"6f8e735\" data-element_type=\"section\" data-e-type=\"section\">\n\t\t\t\t\t\t<div class=\"elementor-container elementor-column-gap-default\">\n\t\t\t\t\t<div class=\"elementor-column elementor-col-100 elementor-top-column elementor-element elementor-element-bb392c1\" data-id=\"bb392c1\" data-element_type=\"column\" data-e-type=\"column\">\n\t\t\t<div class=\"elementor-widget-wrap\">\n\t\t\t\t\t\t\t<\/div>\n\t\t<\/div>\n\t\t\t\t\t<\/div>\n\t\t<\/section>\n\t\t\t\t<\/div>\n\t\t","protected":false},"excerpt":{"rendered":"<p>\u00bfquienes somos? HISTORIA El Reverendo Padre Gustavo Estrada, Guardi\u00e1n del Convento de San Francisco de Armenia, en reuni\u00f3n del 14 de Junio de 1956, expuso a los discretos del Convento, Fray Daniel Saavedra, Fray Alvaro Mart\u00ednez y Fray Manuel Restrepo, la inquietud y el deseo de la Venerable Orden Tercera [&hellip;]<\/p>\n","protected":false},"author":1,"featured_media":0,"parent":0,"menu_order":0,"comment_status":"closed","ping_status":"closed","template":"elementor_canvas","meta":{"_monsterinsights_skip_tracking":false,"_monsterinsights_sitenote_active":false,"_monsterinsights_sitenote_note":"","_monsterinsights_sitenote_category":0,"two_page_speed":[],"footnotes":""},"class_list":["post-54","page","type-page","status-publish","hentry"],"yoast_head":"<!-- This site is optimized with the Yoast SEO plugin v27.5 - https:\/\/yoast.com\/product\/yoast-seo-wordpress\/ -->\n<title>Qui\u00e9nes Somos - Colegio San Luis Rey<\/title>\n<meta name=\"robots\" content=\"index, follow, max-snippet:-1, max-image-preview:large, max-video-preview:-1\" \/>\n<link rel=\"canonical\" href=\"https:\/\/www.sanluisrey.edu.co\/new\/quienes-somos\/\" \/>\n<meta property=\"og:locale\" content=\"es_ES\" \/>\n<meta property=\"og:type\" content=\"article\" \/>\n<meta property=\"og:title\" content=\"Qui\u00e9nes Somos - Colegio San Luis Rey\" \/>\n<meta property=\"og:description\" content=\"\u00bfquienes somos? HISTORIA El Reverendo Padre Gustavo Estrada, Guardi\u00e1n del Convento de San Francisco de Armenia, en reuni\u00f3n del 14 de Junio de 1956, expuso a los discretos del Convento, Fray Daniel Saavedra, Fray Alvaro Mart\u00ednez y Fray Manuel Restrepo, la inquietud y el deseo de la Venerable Orden Tercera [&hellip;]\" \/>\n<meta property=\"og:url\" content=\"https:\/\/www.sanluisrey.edu.co\/new\/quienes-somos\/\" \/>\n<meta property=\"og:site_name\" content=\"Colegio San Luis Rey\" \/>\n<meta property=\"article:modified_time\" content=\"2025-01-23T18:57:02+00:00\" \/>\n<meta property=\"og:image\" content=\"https:\/\/www.sanluisrey.edu.co\/new\/wp-content\/uploads\/2024\/09\/DAG_4676-scaled.jpg\" \/>\n\t<meta property=\"og:image:width\" content=\"2560\" \/>\n\t<meta property=\"og:image:height\" content=\"1708\" \/>\n\t<meta property=\"og:image:type\" content=\"image\/jpeg\" \/>\n<meta name=\"twitter:card\" content=\"summary_large_image\" \/>\n<meta name=\"twitter:label1\" content=\"Tiempo de lectura\" \/>\n\t<meta name=\"twitter:data1\" content=\"8 minutos\" \/>\n<script type=\"application\/ld+json\" class=\"yoast-schema-graph\">{\"@context\":\"https:\\\/\\\/schema.org\",\"@graph\":[{\"@type\":\"WebPage\",\"@id\":\"https:\\\/\\\/www.sanluisrey.edu.co\\\/new\\\/quienes-somos\\\/\",\"url\":\"https:\\\/\\\/www.sanluisrey.edu.co\\\/new\\\/quienes-somos\\\/\",\"name\":\"Qui\u00e9nes Somos - Colegio San Luis Rey\",\"isPartOf\":{\"@id\":\"https:\\\/\\\/www.sanluisrey.edu.co\\\/new\\\/#website\"},\"primaryImageOfPage\":{\"@id\":\"https:\\\/\\\/www.sanluisrey.edu.co\\\/new\\\/quienes-somos\\\/#primaryimage\"},\"image\":{\"@id\":\"https:\\\/\\\/www.sanluisrey.edu.co\\\/new\\\/quienes-somos\\\/#primaryimage\"},\"thumbnailUrl\":\"https:\\\/\\\/www.sanluisrey.edu.co\\\/new\\\/wp-content\\\/uploads\\\/2024\\\/09\\\/DAG_4676-1024x683.jpg\",\"datePublished\":\"2019-12-24T14:43:50+00:00\",\"dateModified\":\"2025-01-23T18:57:02+00:00\",\"breadcrumb\":{\"@id\":\"https:\\\/\\\/www.sanluisrey.edu.co\\\/new\\\/quienes-somos\\\/#breadcrumb\"},\"inLanguage\":\"es\",\"potentialAction\":[{\"@type\":\"ReadAction\",\"target\":[\"https:\\\/\\\/www.sanluisrey.edu.co\\\/new\\\/quienes-somos\\\/\"]}]},{\"@type\":\"ImageObject\",\"inLanguage\":\"es\",\"@id\":\"https:\\\/\\\/www.sanluisrey.edu.co\\\/new\\\/quienes-somos\\\/#primaryimage\",\"url\":\"https:\\\/\\\/www.sanluisrey.edu.co\\\/new\\\/wp-content\\\/uploads\\\/2024\\\/09\\\/DAG_4676-scaled.jpg\",\"contentUrl\":\"https:\\\/\\\/www.sanluisrey.edu.co\\\/new\\\/wp-content\\\/uploads\\\/2024\\\/09\\\/DAG_4676-scaled.jpg\",\"width\":2560,\"height\":1708},{\"@type\":\"BreadcrumbList\",\"@id\":\"https:\\\/\\\/www.sanluisrey.edu.co\\\/new\\\/quienes-somos\\\/#breadcrumb\",\"itemListElement\":[{\"@type\":\"ListItem\",\"position\":1,\"name\":\"Home\",\"item\":\"https:\\\/\\\/www.sanluisrey.edu.co\\\/new\\\/\"},{\"@type\":\"ListItem\",\"position\":2,\"name\":\"Qui\u00e9nes Somos\"}]},{\"@type\":\"WebSite\",\"@id\":\"https:\\\/\\\/www.sanluisrey.edu.co\\\/new\\\/#website\",\"url\":\"https:\\\/\\\/www.sanluisrey.edu.co\\\/new\\\/\",\"name\":\"Colegio San Luis Rey\",\"description\":\"Comunidad Franciscana Provincia de la Santa Fe\",\"potentialAction\":[{\"@type\":\"SearchAction\",\"target\":{\"@type\":\"EntryPoint\",\"urlTemplate\":\"https:\\\/\\\/www.sanluisrey.edu.co\\\/new\\\/?s={search_term_string}\"},\"query-input\":{\"@type\":\"PropertyValueSpecification\",\"valueRequired\":true,\"valueName\":\"search_term_string\"}}],\"inLanguage\":\"es\"}]}<\/script>\n<!-- \/ Yoast SEO plugin. -->","yoast_head_json":{"title":"Qui\u00e9nes Somos - Colegio San Luis Rey","robots":{"index":"index","follow":"follow","max-snippet":"max-snippet:-1","max-image-preview":"max-image-preview:large","max-video-preview":"max-video-preview:-1"},"canonical":"https:\/\/www.sanluisrey.edu.co\/new\/quienes-somos\/","og_locale":"es_ES","og_type":"article","og_title":"Qui\u00e9nes Somos - Colegio San Luis Rey","og_description":"\u00bfquienes somos? HISTORIA El Reverendo Padre Gustavo Estrada, Guardi\u00e1n del Convento de San Francisco de Armenia, en reuni\u00f3n del 14 de Junio de 1956, expuso a los discretos del Convento, Fray Daniel Saavedra, Fray Alvaro Mart\u00ednez y Fray Manuel Restrepo, la inquietud y el deseo de la Venerable Orden Tercera [&hellip;]","og_url":"https:\/\/www.sanluisrey.edu.co\/new\/quienes-somos\/","og_site_name":"Colegio San Luis Rey","article_modified_time":"2025-01-23T18:57:02+00:00","og_image":[{"width":2560,"height":1708,"url":"https:\/\/www.sanluisrey.edu.co\/new\/wp-content\/uploads\/2024\/09\/DAG_4676-scaled.jpg","type":"image\/jpeg"}],"twitter_card":"summary_large_image","twitter_misc":{"Tiempo de lectura":"8 minutos"},"schema":{"@context":"https:\/\/schema.org","@graph":[{"@type":"WebPage","@id":"https:\/\/www.sanluisrey.edu.co\/new\/quienes-somos\/","url":"https:\/\/www.sanluisrey.edu.co\/new\/quienes-somos\/","name":"Qui\u00e9nes Somos - Colegio San Luis Rey","isPartOf":{"@id":"https:\/\/www.sanluisrey.edu.co\/new\/#website"},"primaryImageOfPage":{"@id":"https:\/\/www.sanluisrey.edu.co\/new\/quienes-somos\/#primaryimage"},"image":{"@id":"https:\/\/www.sanluisrey.edu.co\/new\/quienes-somos\/#primaryimage"},"thumbnailUrl":"https:\/\/www.sanluisrey.edu.co\/new\/wp-content\/uploads\/2024\/09\/DAG_4676-1024x683.jpg","datePublished":"2019-12-24T14:43:50+00:00","dateModified":"2025-01-23T18:57:02+00:00","breadcrumb":{"@id":"https:\/\/www.sanluisrey.edu.co\/new\/quienes-somos\/#breadcrumb"},"inLanguage":"es","potentialAction":[{"@type":"ReadAction","target":["https:\/\/www.sanluisrey.edu.co\/new\/quienes-somos\/"]}]},{"@type":"ImageObject","inLanguage":"es","@id":"https:\/\/www.sanluisrey.edu.co\/new\/quienes-somos\/#primaryimage","url":"https:\/\/www.sanluisrey.edu.co\/new\/wp-content\/uploads\/2024\/09\/DAG_4676-scaled.jpg","contentUrl":"https:\/\/www.sanluisrey.edu.co\/new\/wp-content\/uploads\/2024\/09\/DAG_4676-scaled.jpg","width":2560,"height":1708},{"@type":"BreadcrumbList","@id":"https:\/\/www.sanluisrey.edu.co\/new\/quienes-somos\/#breadcrumb","itemListElement":[{"@type":"ListItem","position":1,"name":"Home","item":"https:\/\/www.sanluisrey.edu.co\/new\/"},{"@type":"ListItem","position":2,"name":"Qui\u00e9nes Somos"}]},{"@type":"WebSite","@id":"https:\/\/www.sanluisrey.edu.co\/new\/#website","url":"https:\/\/www.sanluisrey.edu.co\/new\/","name":"Colegio San Luis Rey","description":"Comunidad Franciscana Provincia de la Santa Fe","potentialAction":[{"@type":"SearchAction","target":{"@type":"EntryPoint","urlTemplate":"https:\/\/www.sanluisrey.edu.co\/new\/?s={search_term_string}"},"query-input":{"@type":"PropertyValueSpecification","valueRequired":true,"valueName":"search_term_string"}}],"inLanguage":"es"}]}},"jetpack_sharing_enabled":true,"_links":{"self":[{"href":"https:\/\/www.sanluisrey.edu.co\/new\/wp-json\/wp\/v2\/pages\/54","targetHints":{"allow":["GET"]}}],"collection":[{"href":"https:\/\/www.sanluisrey.edu.co\/new\/wp-json\/wp\/v2\/pages"}],"about":[{"href":"https:\/\/www.sanluisrey.edu.co\/new\/wp-json\/wp\/v2\/types\/page"}],"author":[{"embeddable":true,"href":"https:\/\/www.sanluisrey.edu.co\/new\/wp-json\/wp\/v2\/users\/1"}],"replies":[{"embeddable":true,"href":"https:\/\/www.sanluisrey.edu.co\/new\/wp-json\/wp\/v2\/comments?post=54"}],"version-history":[{"count":117,"href":"https:\/\/www.sanluisrey.edu.co\/new\/wp-json\/wp\/v2\/pages\/54\/revisions"}],"predecessor-version":[{"id":18520,"href":"https:\/\/www.sanluisrey.edu.co\/new\/wp-json\/wp\/v2\/pages\/54\/revisions\/18520"}],"wp:attachment":[{"href":"https:\/\/www.sanluisrey.edu.co\/new\/wp-json\/wp\/v2\/media?parent=54"}],"curies":[{"name":"wp","href":"https:\/\/api.w.org\/{rel}","templated":true}]}}